{"id":784,"date":"2023-10-12T20:22:48","date_gmt":"2023-10-12T23:22:48","guid":{"rendered":"https:\/\/www.senedinodontologia.com.br\/?page_id=784"},"modified":"2023-10-12T20:26:08","modified_gmt":"2023-10-12T23:26:08","slug":"termos-de-uso","status":"publish","type":"page","link":"https:\/\/www.senedinodontologia.com.br\/?page_id=784","title":{"rendered":"Termos de Uso"},"content":{"rendered":"\t\t<div data-elementor-type=\"wp-page\" data-elementor-id=\"784\" class=\"elementor elementor-784\" data-elementor-post-type=\"page\">\n\t\t\t\t\t\t<section class=\"elementor-section elementor-top-section elementor-element elementor-element-4f79657 elementor-section-boxed elementor-section-height-default elementor-section-height-default\" data-id=\"4f79657\" data-element_type=\"section\">\n\t\t\t\t\t\t<div class=\"elementor-container elementor-column-gap-default\">\n\t\t\t\t\t<div class=\"elementor-column elementor-col-100 elementor-top-column elementor-element elementor-element-52fe77d\" data-id=\"52fe77d\" data-element_type=\"column\">\n\t\t\t<div class=\"elementor-widget-wrap elementor-element-populated\">\n\t\t\t\t\t\t<div class=\"elementor-element elementor-element-e059aff elementor-widget elementor-widget-heading\" data-id=\"e059aff\" data-element_type=\"widget\" data-widget_type=\"heading.default\">\n\t\t\t\t<div class=\"elementor-widget-container\">\n\t\t\t<style>\/*! elementor - v3.23.0 - 05-08-2024 *\/\n.elementor-heading-title{padding:0;margin:0;line-height:1}.elementor-widget-heading .elementor-heading-title[class*=elementor-size-]>a{color:inherit;font-size:inherit;line-height:inherit}.elementor-widget-heading .elementor-heading-title.elementor-size-small{font-size:15px}.elementor-widget-heading .elementor-heading-title.elementor-size-medium{font-size:19px}.elementor-widget-heading .elementor-heading-title.elementor-size-large{font-size:29px}.elementor-widget-heading .elementor-heading-title.elementor-size-xl{font-size:39px}.elementor-widget-heading .elementor-heading-title.elementor-size-xxl{font-size:59px}<\/style><h2 class=\"elementor-heading-title elementor-size-default\">Termos de uso Diego Senedin\n<\/h2>\t\t<\/div>\n\t\t\t\t<\/div>\n\t\t\t\t<div class=\"elementor-element elementor-element-2a9faf3 elementor-widget elementor-widget-text-editor\" data-id=\"2a9faf3\" data-element_type=\"widget\" data-widget_type=\"text-editor.default\">\n\t\t\t\t<div class=\"elementor-widget-container\">\n\t\t\t<style>\/*! elementor - v3.23.0 - 05-08-2024 *\/\n.elementor-widget-text-editor.elementor-drop-cap-view-stacked .elementor-drop-cap{background-color:#69727d;color:#fff}.elementor-widget-text-editor.elementor-drop-cap-view-framed .elementor-drop-cap{color:#69727d;border:3px solid;background-color:transparent}.elementor-widget-text-editor:not(.elementor-drop-cap-view-default) .elementor-drop-cap{margin-top:8px}.elementor-widget-text-editor:not(.elementor-drop-cap-view-default) .elementor-drop-cap-letter{width:1em;height:1em}.elementor-widget-text-editor .elementor-drop-cap{float:left;text-align:center;line-height:1;font-size:50px}.elementor-widget-text-editor .elementor-drop-cap-letter{display:inline-block}<\/style>\t\t\t\t<p>Sobre o uso do conte\u00fado<\/p><p>Os usu\u00e1rios interessados podem reproduzir arquivos de dados, texto escrito, arquivos de \u00e1udio ou outros sons, fotografias, v\u00eddeos ou outras imagens (denominados, em conjunto: \u201cConte\u00fado\u201d) desse site para uso, desde que citada a fonte. No entanto, s\u00e3o proibidos de vender, revender ou explorar comercialmente o referido conte\u00fado.<\/p><p>Ser\u00e1 atribu\u00edda ao usu\u00e1rio toda e qualquer responsabilidade, de car\u00e1ter civil e\/ou criminal, pelo uso inadequado das informa\u00e7\u00f5es presentes.<\/p><p>Todo o conte\u00fado dispon\u00edvel neste site tem car\u00e1ter informativo e representa a opini\u00e3o do Dr. Diego Senedin.<\/p><p>Sobre os links contidos no site e o uso de links para acesso ao site<\/p><p>Nos casos em que o site do Dr. Diego Senedin direcionar o usu\u00e1rio para ambientes externos pertencentes a outros sites e dom\u00ednios, a decis\u00e3o de acesso \u00e9 do usu\u00e1rio, portanto, O Dr. Diego Senedin n\u00e3o se responsabiliza por informa\u00e7\u00f5es, pr\u00e1ticas ou a\u00e7\u00f5es dos s\u00edtios eletr\u00f4nicos de destino.<\/p><p>Quaisquer pessoas interessadas poder\u00e3o incluir em seus s\u00edtios eletr\u00f4nicos links que direcionem para este site, desde que n\u00e3o fa\u00e7am uso comercial desse direcionamento.<\/p><p><strong>Responsabilidade e comunica\u00e7\u00e3o com o Usu\u00e1rio<\/strong><\/p><p>O usu\u00e1rio \u00e9 respons\u00e1vel por manter o ambiente de seu computador seguro, com uso de ferramentas dispon\u00edveis como antiv\u00edrus e firewall, entre outras, atualizadas, de modo a contribuir na preven\u00e7\u00e3o de riscos eletr\u00f4nicos.<\/p><p>O usu\u00e1rio autoriza expressamente este site a comunicar-se com o mesmo mediante correio eletr\u00f4nico e se compromete a preencher corretamente seus dados quando usar nosso link de contato.<\/p><p>Propriedade Intelectual<\/p><p>Todo o conte\u00fado (que n\u00e3o seja o software de computador) de propriedade do Dr. Diego Senedin disponibilizado neste site est\u00e1 licenciado sob a CreativeCommonsAttribution 4.0 Internationallicense, a menos que seja indicado o contr\u00e1rio.<\/p><p>C\u00f3pias para uso comercial poder\u00e3o ser obtidas desde que o pedido seja feito por escrito, em nome do solicitante, descrevendo o objeto da solicita\u00e7\u00e3o e mediante pr\u00e9via autoriza\u00e7\u00e3o do Dr. Diego Senedin<\/p>\t\t\t\t\t\t<\/div>\n\t\t\t\t<\/div>\n\t\t\t\t\t<\/div>\n\t\t<\/div>\n\t\t\t\t\t<\/div>\n\t\t<\/section>\n\t\t\t\t<\/div>\n\t\t","protected":false},"excerpt":{"rendered":"<p>Termos de uso Diego Senedin Sobre o uso do conte\u00fado Os usu\u00e1rios interessados podem reproduzir arquivos de dados, texto escrito, arquivos de \u00e1udio ou outros sons, fotografias, v\u00eddeos ou outras imagens (denominados, em conjunto: \u201cConte\u00fado\u201d) desse site para uso, desde que citada a fonte. No entanto, s\u00e3o proibidos de vender, revender ou explorar comercialmente o [&hellip;]<\/p>\n","protected":false},"author":1,"featured_media":0,"parent":0,"menu_order":0,"comment_status":"closed","ping_status":"closed","template":"elementor_header_footer","meta":{"footnotes":""},"class_list":["post-784","page","type-page","status-publish","hentry"],"yoast_head":"<!-- This site is optimized with the Yoast SEO plugin v23.3 - https:\/\/yoast.com\/wordpress\/plugins\/seo\/ -->\n<title>Termos de Uso - Senedin Odontologia | Lentes de Contato Dental<\/title>\n<meta name=\"robots\" content=\"index, follow, max-snippet:-1, max-image-preview:large, max-video-preview:-1\" \/>\n<link rel=\"canonical\" href=\"https:\/\/www.senedinodontologia.com.br\/?page_id=784\" \/>\n<meta property=\"og:locale\" content=\"pt_BR\" \/>\n<meta property=\"og:type\" content=\"article\" \/>\n<meta property=\"og:title\" content=\"Termos de Uso - Senedin Odontologia | Lentes de Contato Dental\" \/>\n<meta property=\"og:description\" content=\"Termos de uso Diego Senedin Sobre o uso do conte\u00fado Os usu\u00e1rios interessados podem reproduzir arquivos de dados, texto escrito, arquivos de \u00e1udio ou outros sons, fotografias, v\u00eddeos ou outras imagens (denominados, em conjunto: \u201cConte\u00fado\u201d) desse site para uso, desde que citada a fonte. No entanto, s\u00e3o proibidos de vender, revender ou explorar comercialmente o [&hellip;]\" \/>\n<meta property=\"og:url\" content=\"https:\/\/www.senedinodontologia.com.br\/?page_id=784\" \/>\n<meta property=\"og:site_name\" content=\"Senedin Odontologia | Lentes de Contato Dental\" \/>\n<meta property=\"article:modified_time\" content=\"2023-10-12T23:26:08+00:00\" \/>\n<meta property=\"og:image\" content=\"https:\/\/www.senedinodontologia.com.br\/wp-content\/uploads\/2023\/10\/Mask-group-9.webp\" \/>\n\t<meta property=\"og:image:width\" content=\"238\" \/>\n\t<meta property=\"og:image:height\" content=\"111\" \/>\n\t<meta property=\"og:image:type\" content=\"image\/webp\" \/>\n<meta name=\"twitter:card\" content=\"summary_large_image\" \/>\n<meta name=\"twitter:label1\" content=\"Est. tempo de leitura\" \/>\n\t<meta name=\"twitter:data1\" content=\"2 minutos\" \/>\n<script type=\"application\/ld+json\" class=\"yoast-schema-graph\">{\"@context\":\"https:\/\/schema.org\",\"@graph\":[{\"@type\":\"WebPage\",\"@id\":\"https:\/\/www.senedinodontologia.com.br\/?page_id=784\",\"url\":\"https:\/\/www.senedinodontologia.com.br\/?page_id=784\",\"name\":\"Termos de Uso - Senedin Odontologia | Lentes de Contato Dental\",\"isPartOf\":{\"@id\":\"https:\/\/www.senedinodontologia.com.br\/#website\"},\"datePublished\":\"2023-10-12T23:22:48+00:00\",\"dateModified\":\"2023-10-12T23:26:08+00:00\",\"breadcrumb\":{\"@id\":\"https:\/\/www.senedinodontologia.com.br\/?page_id=784#breadcrumb\"},\"inLanguage\":\"pt-BR\",\"potentialAction\":[{\"@type\":\"ReadAction\",\"target\":[\"https:\/\/www.senedinodontologia.com.br\/?page_id=784\"]}]},{\"@type\":\"BreadcrumbList\",\"@id\":\"https:\/\/www.senedinodontologia.com.br\/?page_id=784#breadcrumb\",\"itemListElement\":[{\"@type\":\"ListItem\",\"position\":1,\"name\":\"In\u00edcio\",\"item\":\"https:\/\/www.senedinodontologia.com.br\/\"},{\"@type\":\"ListItem\",\"position\":2,\"name\":\"Termos de Uso\"}]},{\"@type\":\"WebSite\",\"@id\":\"https:\/\/www.senedinodontologia.com.br\/#website\",\"url\":\"https:\/\/www.senedinodontologia.com.br\/\",\"name\":\"Senedin Odontologia | Lentes de Contato Dental\",\"description\":\"\",\"publisher\":{\"@id\":\"https:\/\/www.senedinodontologia.com.br\/#organization\"},\"potentialAction\":[{\"@type\":\"SearchAction\",\"target\":{\"@type\":\"EntryPoint\",\"urlTemplate\":\"https:\/\/www.senedinodontologia.com.br\/?s={search_term_string}\"},\"query-input\":\"required name=search_term_string\"}],\"inLanguage\":\"pt-BR\"},{\"@type\":\"Organization\",\"@id\":\"https:\/\/www.senedinodontologia.com.br\/#organization\",\"name\":\"Senedin Odontologia | Lentes de Contato Dental\",\"url\":\"https:\/\/www.senedinodontologia.com.br\/\",\"logo\":{\"@type\":\"ImageObject\",\"inLanguage\":\"pt-BR\",\"@id\":\"https:\/\/www.senedinodontologia.com.br\/#\/schema\/logo\/image\/\",\"url\":\"https:\/\/www.senedinodontologia.com.br\/wp-content\/uploads\/2024\/05\/cropped-logo-senedin-odontologia-2.webp\",\"contentUrl\":\"https:\/\/www.senedinodontologia.com.br\/wp-content\/uploads\/2024\/05\/cropped-logo-senedin-odontologia-2.webp\",\"width\":300,\"height\":102,\"caption\":\"Senedin Odontologia | Lentes de Contato Dental\"},\"image\":{\"@id\":\"https:\/\/www.senedinodontologia.com.br\/#\/schema\/logo\/image\/\"}}]}<\/script>\n<!-- \/ Yoast SEO plugin. -->","yoast_head_json":{"title":"Termos de Uso - Senedin Odontologia | Lentes de Contato Dental","robots":{"index":"index","follow":"follow","max-snippet":"max-snippet:-1","max-image-preview":"max-image-preview:large","max-video-preview":"max-video-preview:-1"},"canonical":"https:\/\/www.senedinodontologia.com.br\/?page_id=784","og_locale":"pt_BR","og_type":"article","og_title":"Termos de Uso - Senedin Odontologia | Lentes de Contato Dental","og_description":"Termos de uso Diego Senedin Sobre o uso do conte\u00fado Os usu\u00e1rios interessados podem reproduzir arquivos de dados, texto escrito, arquivos de \u00e1udio ou outros sons, fotografias, v\u00eddeos ou outras imagens (denominados, em conjunto: \u201cConte\u00fado\u201d) desse site para uso, desde que citada a fonte. No entanto, s\u00e3o proibidos de vender, revender ou explorar comercialmente o [&hellip;]","og_url":"https:\/\/www.senedinodontologia.com.br\/?page_id=784","og_site_name":"Senedin Odontologia | Lentes de Contato Dental","article_modified_time":"2023-10-12T23:26:08+00:00","og_image":[{"width":238,"height":111,"url":"https:\/\/www.senedinodontologia.com.br\/wp-content\/uploads\/2023\/10\/Mask-group-9.webp","type":"image\/webp"}],"twitter_card":"summary_large_image","twitter_misc":{"Est. tempo de leitura":"2 minutos"},"schema":{"@context":"https:\/\/schema.org","@graph":[{"@type":"WebPage","@id":"https:\/\/www.senedinodontologia.com.br\/?page_id=784","url":"https:\/\/www.senedinodontologia.com.br\/?page_id=784","name":"Termos de Uso - Senedin Odontologia | Lentes de Contato Dental","isPartOf":{"@id":"https:\/\/www.senedinodontologia.com.br\/#website"},"datePublished":"2023-10-12T23:22:48+00:00","dateModified":"2023-10-12T23:26:08+00:00","breadcrumb":{"@id":"https:\/\/www.senedinodontologia.com.br\/?page_id=784#breadcrumb"},"inLanguage":"pt-BR","potentialAction":[{"@type":"ReadAction","target":["https:\/\/www.senedinodontologia.com.br\/?page_id=784"]}]},{"@type":"BreadcrumbList","@id":"https:\/\/www.senedinodontologia.com.br\/?page_id=784#breadcrumb","itemListElement":[{"@type":"ListItem","position":1,"name":"In\u00edcio","item":"https:\/\/www.senedinodontologia.com.br\/"},{"@type":"ListItem","position":2,"name":"Termos de Uso"}]},{"@type":"WebSite","@id":"https:\/\/www.senedinodontologia.com.br\/#website","url":"https:\/\/www.senedinodontologia.com.br\/","name":"Senedin Odontologia | Lentes de Contato Dental","description":"","publisher":{"@id":"https:\/\/www.senedinodontologia.com.br\/#organization"},"potentialAction":[{"@type":"SearchAction","target":{"@type":"EntryPoint","urlTemplate":"https:\/\/www.senedinodontologia.com.br\/?s={search_term_string}"},"query-input":"required name=search_term_string"}],"inLanguage":"pt-BR"},{"@type":"Organization","@id":"https:\/\/www.senedinodontologia.com.br\/#organization","name":"Senedin Odontologia | Lentes de Contato Dental","url":"https:\/\/www.senedinodontologia.com.br\/","logo":{"@type":"ImageObject","inLanguage":"pt-BR","@id":"https:\/\/www.senedinodontologia.com.br\/#\/schema\/logo\/image\/","url":"https:\/\/www.senedinodontologia.com.br\/wp-content\/uploads\/2024\/05\/cropped-logo-senedin-odontologia-2.webp","contentUrl":"https:\/\/www.senedinodontologia.com.br\/wp-content\/uploads\/2024\/05\/cropped-logo-senedin-odontologia-2.webp","width":300,"height":102,"caption":"Senedin Odontologia | Lentes de Contato Dental"},"image":{"@id":"https:\/\/www.senedinodontologia.com.br\/#\/schema\/logo\/image\/"}}]}},"_links":{"self":[{"href":"https:\/\/www.senedinodontologia.com.br\/index.php?rest_route=\/wp\/v2\/pages\/784","targetHints":{"allow":["GET"]}}],"collection":[{"href":"https:\/\/www.senedinodontologia.com.br\/index.php?rest_route=\/wp\/v2\/pages"}],"about":[{"href":"https:\/\/www.senedinodontologia.com.br\/index.php?rest_route=\/wp\/v2\/types\/page"}],"author":[{"embeddable":true,"href":"https:\/\/www.senedinodontologia.com.br\/index.php?rest_route=\/wp\/v2\/users\/1"}],"replies":[{"embeddable":true,"href":"https:\/\/www.senedinodontologia.com.br\/index.php?rest_route=%2Fwp%2Fv2%2Fcomments&post=784"}],"version-history":[{"count":0,"href":"https:\/\/www.senedinodontologia.com.br\/index.php?rest_route=\/wp\/v2\/pages\/784\/revisions"}],"wp:attachment":[{"href":"https:\/\/www.senedinodontologia.com.br\/index.php?rest_route=%2Fwp%2Fv2%2Fmedia&parent=784"}],"curies":[{"name":"wp","href":"https:\/\/api.w.org\/{rel}","templated":true}]}}