{"id":732,"date":"2023-10-12T20:09:48","date_gmt":"2023-10-12T23:09:48","guid":{"rendered":"https:\/\/www.senedinodontologia.com.br\/?page_id=732"},"modified":"2023-10-12T20:22:06","modified_gmt":"2023-10-12T23:22:06","slug":"politica-de-privacidade","status":"publish","type":"page","link":"https:\/\/www.senedinodontologia.com.br\/?page_id=732","title":{"rendered":"Pol\u00edtica de Privacidade"},"content":{"rendered":"\t\t<div data-elementor-type=\"wp-page\" data-elementor-id=\"732\" class=\"elementor elementor-732\" data-elementor-post-type=\"page\">\n\t\t\t\t\t\t<section class=\"elementor-section elementor-top-section elementor-element elementor-element-6950e58 elementor-section-boxed elementor-section-height-default elementor-section-height-default\" data-id=\"6950e58\" data-element_type=\"section\">\n\t\t\t\t\t\t<div class=\"elementor-container elementor-column-gap-default\">\n\t\t\t\t\t<div class=\"elementor-column elementor-col-100 elementor-top-column elementor-element elementor-element-5bb6062\" data-id=\"5bb6062\" data-element_type=\"column\">\n\t\t\t<div class=\"elementor-widget-wrap elementor-element-populated\">\n\t\t\t\t\t\t<div class=\"elementor-element elementor-element-060b61d elementor-widget elementor-widget-heading\" data-id=\"060b61d\" data-element_type=\"widget\" data-widget_type=\"heading.default\">\n\t\t\t\t<div class=\"elementor-widget-container\">\n\t\t\t<style>\/*! elementor - v3.23.0 - 05-08-2024 *\/\n.elementor-heading-title{padding:0;margin:0;line-height:1}.elementor-widget-heading .elementor-heading-title[class*=elementor-size-]>a{color:inherit;font-size:inherit;line-height:inherit}.elementor-widget-heading .elementor-heading-title.elementor-size-small{font-size:15px}.elementor-widget-heading .elementor-heading-title.elementor-size-medium{font-size:19px}.elementor-widget-heading .elementor-heading-title.elementor-size-large{font-size:29px}.elementor-widget-heading .elementor-heading-title.elementor-size-xl{font-size:39px}.elementor-widget-heading .elementor-heading-title.elementor-size-xxl{font-size:59px}<\/style><h2 class=\"elementor-heading-title elementor-size-default\">Pol\u00edtica de privacidade Diego Senedin\n<\/h2>\t\t<\/div>\n\t\t\t\t<\/div>\n\t\t\t\t<div class=\"elementor-element elementor-element-70c708b elementor-widget elementor-widget-text-editor\" data-id=\"70c708b\" data-element_type=\"widget\" data-widget_type=\"text-editor.default\">\n\t\t\t\t<div class=\"elementor-widget-container\">\n\t\t\t<style>\/*! elementor - v3.23.0 - 05-08-2024 *\/\n.elementor-widget-text-editor.elementor-drop-cap-view-stacked .elementor-drop-cap{background-color:#69727d;color:#fff}.elementor-widget-text-editor.elementor-drop-cap-view-framed .elementor-drop-cap{color:#69727d;border:3px solid;background-color:transparent}.elementor-widget-text-editor:not(.elementor-drop-cap-view-default) .elementor-drop-cap{margin-top:8px}.elementor-widget-text-editor:not(.elementor-drop-cap-view-default) .elementor-drop-cap-letter{width:1em;height:1em}.elementor-widget-text-editor .elementor-drop-cap{float:left;text-align:center;line-height:1;font-size:50px}.elementor-widget-text-editor .elementor-drop-cap-letter{display:inline-block}<\/style>\t\t\t\t<p>Este termo de ades\u00e3o \u00e0s diretrizes de privacidade (\u201cPol\u00edtica de Privacidade\u201d) explica a coleta, uso e divulga\u00e7\u00e3o de \u201cinforma\u00e7\u00f5es pessoais\u201d pelo Dr. Diego Senedin. Esta Pol\u00edtica de Privacidade inclui os produtos e servi\u00e7os oferecidos por meio desse site e n\u00e3o se aplica a s\u00edtios eletr\u00f4nicos de terceiros eventualmente vinculados por links aqui dispon\u00edveis.<\/p><p>Quando utilizada nesta pol\u00edtica, a express\u00e3o, \u201cinforma\u00e7\u00f5es pessoais\u201d significa o conjunto de informa\u00e7\u00f5es que permita sua identifica\u00e7\u00e3o, como, por exemplo, seu nome, sua localiza\u00e7\u00e3o, seu n\u00famero de telefone ou endere\u00e7o de e-mail.<\/p><p>Ao acessar este site voc\u00ea est\u00e1 aceitando e concordando com as pr\u00e1ticas descritas nesta Pol\u00edtica de Privacidade, bem como aceitando que seus dados sejam coletados, tratados e armazenados pelo Dr. Diego Senedin.<\/p><p>Coleta e uso de informa\u00e7\u00f5es pessoais<\/p><p>N\u00f3s podemos coletar informa\u00e7\u00f5es pessoais em v\u00e1rios lugares no site, incluindo, sem limita\u00e7\u00e3o quando voc\u00ea nos fornecer suas informa\u00e7\u00f5es pessoais, mediante inscri\u00e7\u00e3o em um de nossos eventos ou por meio de inscri\u00e7\u00e3o para receber nossas atualiza\u00e7\u00f5es; quando ocorrer aceite de contato pelo site ou envio de um e-mail para nossos outros endere\u00e7os; de forma autom\u00e1tica, pois o site tamb\u00e9m recebe e pode armazenar, por meio de cookies, informa\u00e7\u00f5es sobre as atividades do navegador, incluindo endere\u00e7o IP e a p\u00e1gina acessada.<\/p><p>Os registros de atividades, denominados logs, ser\u00e3o utilizados apenas para fins estat\u00edsticos e de m\u00e9tricas dos servi\u00e7os disponibilizados.<\/p><p>Utilizamos as informa\u00e7\u00f5es pessoais que voc\u00ea nos fornecer quando nos enviar e-mails ou se inscrever para receber atualiza\u00e7\u00f5es, a fim de responder \u00e0s solicita\u00e7\u00f5es ou divulgar comunica\u00e7\u00f5es sobre novidades e eventos do Dr, Diego Senedin para Assistentes Sociaisou de seus parceiros.<\/p><p>Tamb\u00e9m podemos usar suas informa\u00e7\u00f5es pessoais para melhorar a usabilidade e a experi\u00eancia interativa durante a navega\u00e7\u00e3o do usu\u00e1rio no Site, para cumprir determina\u00e7\u00f5es legais ou judiciais e para elucidar atos suspeitos lesivos ao nosso site.<\/p><p>Qualquer outra informa\u00e7\u00e3o pessoal que n\u00e3o esteja descrita especificamente nesta Pol\u00edtica de Privacidade e eventualmente seja recolhida s\u00f3 ser\u00e1 coletada e utilizada de acordo com a Lei n\u00b0 13.709, de 14 de agosto de 2018 (Lei Geral de Prote\u00e7\u00e3o de Dados \u2013 LGPD).<\/p><p>Guarda das Informa\u00e7\u00f5es<\/p><p>Todos os dados pessoais coletados ser\u00e3o incorporados ao banco de dados deste site e guardados sob sigilo, em ambiente controlado e de seguran\u00e7a, sendo seu respons\u00e1vel a empresa do Dr. Diego Senedin. A qualquer momento o USU\u00c1RIO poder\u00e1 solicitar a exibi\u00e7\u00e3o, corre\u00e7\u00e3o ou exclus\u00e3o de seus Dados. Salvo casos espec\u00edficos, poderemos manter os Dados coletados para cumprimento legal, auditoria e preserva\u00e7\u00e3o de direitos, pelo prazo necess\u00e1rio para cumprir essas responsabilidades.<\/p><p>Disposi\u00e7\u00f5es finais<\/p><p>O usu\u00e1rio se responsabiliza por escolher e guardar sua senha e seu login de acesso, quando usados para acessar nossos servi\u00e7os privativos. Caso o usu\u00e1rio tome conhecimento ou apenas suspeite que sua senha foi descoberta, ele dever\u00e1 alter\u00e1-la em sua p\u00e1gina de cadastro.<\/p><p>N\u00e3o solicitamos intencionalmente informa\u00e7\u00f5es pessoais a legalmente menores sem a assist\u00eancia dos respons\u00e1veis legais. Qualquer pessoa que fornecer suas informa\u00e7\u00f5es pessoais por meio deste site ser\u00e1 considerada civilmente capaz.<\/p><p>Privacidade:<\/p><p>Todas as suas informa\u00e7\u00f5es pessoais recolhidas, ser\u00e3o usadas para o ajudar a tornar a sua visita no nosso site o mais produtiva e agrad\u00e1vel poss\u00edvel.<\/p><p>A garantia da confidencialidade dos dados pessoais dos utilizadores do nosso site \u00e9 importante para o Dr Diego Senedin.<\/p><p>Todas as informa\u00e7\u00f5es pessoais relativas a clientes ou visitantes que usem a empresa do Dr. Diego Senedin tratadas em concord\u00e2ncia com a Lei da Prote\u00e7\u00e3o de Dados Pessoais de 26 de outubro de 1998 (Lei n.\u00ba 67\/98).<\/p><p>A informa\u00e7\u00e3o pessoal recolhida pode incluir o seu nome, e-mail, n\u00famero de telefone, endere\u00e7o, data de nascimento e\/ou outros.<\/p><p>O uso Dr. Diego Senedin pressup\u00f5e a aceita\u00e7\u00e3o deste Acordo de privacidade. A empresa Dr. Diego Senedin .reserva-se ao direito de alterar este acordo sem aviso pr\u00e9vio. Deste modo, recomendamos que consulte a nossa pol\u00edtica de privacidade com regularidade de forma a estar sempre atualizado.<\/p><p>Os Cookies<\/p><p>Utilizamos cookies para armazenar informa\u00e7\u00e3o, tais como as suas prefer\u00eancias pessoas quando visita o nosso website. Isto poder\u00e1 incluir um simples popup, ou uma liga\u00e7\u00e3o em v\u00e1rios servi\u00e7os que providenciamos, tais como f\u00f3runs.<\/p><p>Voc\u00ea det\u00e9m o poder de desligar os seus cookies, nas op\u00e7\u00f5es do seu browser, ou efetuando altera\u00e7\u00f5es nas ferramentas de programas Anti-Virus, como o Norton Internet Security. No entanto, isso poder\u00e1 alterar a forma como interage com o nosso website, ou outros websites. Isso poder\u00e1 afetar ou n\u00e3o permitir que fa\u00e7a logins em programas, sites ou f\u00f3runs da nossa e de outras redes.<\/p><p>Exclus\u00e3o dos dados<\/p><p>Para deletar sua conta na Dr. Diego Senedin., voc\u00ea dever\u00e1 enviar um e-mail para drdiegosenedin@gmail.com solicitando o encerramento da conta. Isto remover\u00e1 todas as suas informa\u00e7\u00f5es gravadas no site.<\/p>\t\t\t\t\t\t<\/div>\n\t\t\t\t<\/div>\n\t\t\t\t\t<\/div>\n\t\t<\/div>\n\t\t\t\t\t<\/div>\n\t\t<\/section>\n\t\t\t\t<\/div>\n\t\t","protected":false},"excerpt":{"rendered":"<p>Pol\u00edtica de privacidade Diego Senedin Este termo de ades\u00e3o \u00e0s diretrizes de privacidade (\u201cPol\u00edtica de Privacidade\u201d) explica a coleta, uso e divulga\u00e7\u00e3o de \u201cinforma\u00e7\u00f5es pessoais\u201d pelo Dr. Diego Senedin. Esta Pol\u00edtica de Privacidade inclui os produtos e servi\u00e7os oferecidos por meio desse site e n\u00e3o se aplica a s\u00edtios eletr\u00f4nicos de terceiros eventualmente vinculados por [&hellip;]<\/p>\n","protected":false},"author":1,"featured_media":0,"parent":0,"menu_order":0,"comment_status":"closed","ping_status":"closed","template":"elementor_header_footer","meta":{"footnotes":""},"class_list":["post-732","page","type-page","status-publish","hentry"],"yoast_head":"<!-- This site is optimized with the Yoast SEO plugin v23.3 - https:\/\/yoast.com\/wordpress\/plugins\/seo\/ -->\n<title>Pol\u00edtica de Privacidade - Senedin Odontologia | Lentes de Contato Dental<\/title>\n<meta name=\"robots\" content=\"index, follow, max-snippet:-1, max-image-preview:large, max-video-preview:-1\" \/>\n<link rel=\"canonical\" href=\"https:\/\/www.senedinodontologia.com.br\/?page_id=732\" \/>\n<meta property=\"og:locale\" content=\"pt_BR\" \/>\n<meta property=\"og:type\" content=\"article\" \/>\n<meta property=\"og:title\" content=\"Pol\u00edtica de Privacidade - Senedin Odontologia | Lentes de Contato Dental\" \/>\n<meta property=\"og:description\" content=\"Pol\u00edtica de privacidade Diego Senedin Este termo de ades\u00e3o \u00e0s diretrizes de privacidade (\u201cPol\u00edtica de Privacidade\u201d) explica a coleta, uso e divulga\u00e7\u00e3o de \u201cinforma\u00e7\u00f5es pessoais\u201d pelo Dr. Diego Senedin. Esta Pol\u00edtica de Privacidade inclui os produtos e servi\u00e7os oferecidos por meio desse site e n\u00e3o se aplica a s\u00edtios eletr\u00f4nicos de terceiros eventualmente vinculados por [&hellip;]\" \/>\n<meta property=\"og:url\" content=\"https:\/\/www.senedinodontologia.com.br\/?page_id=732\" \/>\n<meta property=\"og:site_name\" content=\"Senedin Odontologia | Lentes de Contato Dental\" \/>\n<meta property=\"article:modified_time\" content=\"2023-10-12T23:22:06+00:00\" \/>\n<meta property=\"og:image\" content=\"https:\/\/www.senedinodontologia.com.br\/wp-content\/uploads\/2023\/10\/Mask-group-9.webp\" \/>\n\t<meta property=\"og:image:width\" content=\"238\" \/>\n\t<meta property=\"og:image:height\" content=\"111\" \/>\n\t<meta property=\"og:image:type\" content=\"image\/webp\" \/>\n<meta name=\"twitter:card\" content=\"summary_large_image\" \/>\n<meta name=\"twitter:label1\" content=\"Est. tempo de leitura\" \/>\n\t<meta name=\"twitter:data1\" content=\"5 minutos\" \/>\n<script type=\"application\/ld+json\" class=\"yoast-schema-graph\">{\"@context\":\"https:\/\/schema.org\",\"@graph\":[{\"@type\":\"WebPage\",\"@id\":\"https:\/\/www.senedinodontologia.com.br\/?page_id=732\",\"url\":\"https:\/\/www.senedinodontologia.com.br\/?page_id=732\",\"name\":\"Pol\u00edtica de Privacidade - Senedin Odontologia | Lentes de Contato Dental\",\"isPartOf\":{\"@id\":\"https:\/\/www.senedinodontologia.com.br\/#website\"},\"datePublished\":\"2023-10-12T23:09:48+00:00\",\"dateModified\":\"2023-10-12T23:22:06+00:00\",\"breadcrumb\":{\"@id\":\"https:\/\/www.senedinodontologia.com.br\/?page_id=732#breadcrumb\"},\"inLanguage\":\"pt-BR\",\"potentialAction\":[{\"@type\":\"ReadAction\",\"target\":[\"https:\/\/www.senedinodontologia.com.br\/?page_id=732\"]}]},{\"@type\":\"BreadcrumbList\",\"@id\":\"https:\/\/www.senedinodontologia.com.br\/?page_id=732#breadcrumb\",\"itemListElement\":[{\"@type\":\"ListItem\",\"position\":1,\"name\":\"In\u00edcio\",\"item\":\"https:\/\/www.senedinodontologia.com.br\/\"},{\"@type\":\"ListItem\",\"position\":2,\"name\":\"Pol\u00edtica de Privacidade\"}]},{\"@type\":\"WebSite\",\"@id\":\"https:\/\/www.senedinodontologia.com.br\/#website\",\"url\":\"https:\/\/www.senedinodontologia.com.br\/\",\"name\":\"Senedin Odontologia | Lentes de Contato Dental\",\"description\":\"\",\"publisher\":{\"@id\":\"https:\/\/www.senedinodontologia.com.br\/#organization\"},\"potentialAction\":[{\"@type\":\"SearchAction\",\"target\":{\"@type\":\"EntryPoint\",\"urlTemplate\":\"https:\/\/www.senedinodontologia.com.br\/?s={search_term_string}\"},\"query-input\":\"required name=search_term_string\"}],\"inLanguage\":\"pt-BR\"},{\"@type\":\"Organization\",\"@id\":\"https:\/\/www.senedinodontologia.com.br\/#organization\",\"name\":\"Senedin Odontologia | Lentes de Contato Dental\",\"url\":\"https:\/\/www.senedinodontologia.com.br\/\",\"logo\":{\"@type\":\"ImageObject\",\"inLanguage\":\"pt-BR\",\"@id\":\"https:\/\/www.senedinodontologia.com.br\/#\/schema\/logo\/image\/\",\"url\":\"https:\/\/www.senedinodontologia.com.br\/wp-content\/uploads\/2024\/05\/cropped-logo-senedin-odontologia-2.webp\",\"contentUrl\":\"https:\/\/www.senedinodontologia.com.br\/wp-content\/uploads\/2024\/05\/cropped-logo-senedin-odontologia-2.webp\",\"width\":300,\"height\":102,\"caption\":\"Senedin Odontologia | Lentes de Contato Dental\"},\"image\":{\"@id\":\"https:\/\/www.senedinodontologia.com.br\/#\/schema\/logo\/image\/\"}}]}<\/script>\n<!-- \/ Yoast SEO plugin. -->","yoast_head_json":{"title":"Pol\u00edtica de Privacidade - Senedin Odontologia | Lentes de Contato Dental","robots":{"index":"index","follow":"follow","max-snippet":"max-snippet:-1","max-image-preview":"max-image-preview:large","max-video-preview":"max-video-preview:-1"},"canonical":"https:\/\/www.senedinodontologia.com.br\/?page_id=732","og_locale":"pt_BR","og_type":"article","og_title":"Pol\u00edtica de Privacidade - Senedin Odontologia | Lentes de Contato Dental","og_description":"Pol\u00edtica de privacidade Diego Senedin Este termo de ades\u00e3o \u00e0s diretrizes de privacidade (\u201cPol\u00edtica de Privacidade\u201d) explica a coleta, uso e divulga\u00e7\u00e3o de \u201cinforma\u00e7\u00f5es pessoais\u201d pelo Dr. Diego Senedin. Esta Pol\u00edtica de Privacidade inclui os produtos e servi\u00e7os oferecidos por meio desse site e n\u00e3o se aplica a s\u00edtios eletr\u00f4nicos de terceiros eventualmente vinculados por [&hellip;]","og_url":"https:\/\/www.senedinodontologia.com.br\/?page_id=732","og_site_name":"Senedin Odontologia | Lentes de Contato Dental","article_modified_time":"2023-10-12T23:22:06+00:00","og_image":[{"width":238,"height":111,"url":"https:\/\/www.senedinodontologia.com.br\/wp-content\/uploads\/2023\/10\/Mask-group-9.webp","type":"image\/webp"}],"twitter_card":"summary_large_image","twitter_misc":{"Est. tempo de leitura":"5 minutos"},"schema":{"@context":"https:\/\/schema.org","@graph":[{"@type":"WebPage","@id":"https:\/\/www.senedinodontologia.com.br\/?page_id=732","url":"https:\/\/www.senedinodontologia.com.br\/?page_id=732","name":"Pol\u00edtica de Privacidade - Senedin Odontologia | Lentes de Contato Dental","isPartOf":{"@id":"https:\/\/www.senedinodontologia.com.br\/#website"},"datePublished":"2023-10-12T23:09:48+00:00","dateModified":"2023-10-12T23:22:06+00:00","breadcrumb":{"@id":"https:\/\/www.senedinodontologia.com.br\/?page_id=732#breadcrumb"},"inLanguage":"pt-BR","potentialAction":[{"@type":"ReadAction","target":["https:\/\/www.senedinodontologia.com.br\/?page_id=732"]}]},{"@type":"BreadcrumbList","@id":"https:\/\/www.senedinodontologia.com.br\/?page_id=732#breadcrumb","itemListElement":[{"@type":"ListItem","position":1,"name":"In\u00edcio","item":"https:\/\/www.senedinodontologia.com.br\/"},{"@type":"ListItem","position":2,"name":"Pol\u00edtica de Privacidade"}]},{"@type":"WebSite","@id":"https:\/\/www.senedinodontologia.com.br\/#website","url":"https:\/\/www.senedinodontologia.com.br\/","name":"Senedin Odontologia | Lentes de Contato Dental","description":"","publisher":{"@id":"https:\/\/www.senedinodontologia.com.br\/#organization"},"potentialAction":[{"@type":"SearchAction","target":{"@type":"EntryPoint","urlTemplate":"https:\/\/www.senedinodontologia.com.br\/?s={search_term_string}"},"query-input":"required name=search_term_string"}],"inLanguage":"pt-BR"},{"@type":"Organization","@id":"https:\/\/www.senedinodontologia.com.br\/#organization","name":"Senedin Odontologia | Lentes de Contato Dental","url":"https:\/\/www.senedinodontologia.com.br\/","logo":{"@type":"ImageObject","inLanguage":"pt-BR","@id":"https:\/\/www.senedinodontologia.com.br\/#\/schema\/logo\/image\/","url":"https:\/\/www.senedinodontologia.com.br\/wp-content\/uploads\/2024\/05\/cropped-logo-senedin-odontologia-2.webp","contentUrl":"https:\/\/www.senedinodontologia.com.br\/wp-content\/uploads\/2024\/05\/cropped-logo-senedin-odontologia-2.webp","width":300,"height":102,"caption":"Senedin Odontologia | Lentes de Contato Dental"},"image":{"@id":"https:\/\/www.senedinodontologia.com.br\/#\/schema\/logo\/image\/"}}]}},"_links":{"self":[{"href":"https:\/\/www.senedinodontologia.com.br\/index.php?rest_route=\/wp\/v2\/pages\/732","targetHints":{"allow":["GET"]}}],"collection":[{"href":"https:\/\/www.senedinodontologia.com.br\/index.php?rest_route=\/wp\/v2\/pages"}],"about":[{"href":"https:\/\/www.senedinodontologia.com.br\/index.php?rest_route=\/wp\/v2\/types\/page"}],"author":[{"embeddable":true,"href":"https:\/\/www.senedinodontologia.com.br\/index.php?rest_route=\/wp\/v2\/users\/1"}],"replies":[{"embeddable":true,"href":"https:\/\/www.senedinodontologia.com.br\/index.php?rest_route=%2Fwp%2Fv2%2Fcomments&post=732"}],"version-history":[{"count":0,"href":"https:\/\/www.senedinodontologia.com.br\/index.php?rest_route=\/wp\/v2\/pages\/732\/revisions"}],"wp:attachment":[{"href":"https:\/\/www.senedinodontologia.com.br\/index.php?rest_route=%2Fwp%2Fv2%2Fmedia&parent=732"}],"curies":[{"name":"wp","href":"https:\/\/api.w.org\/{rel}","templated":true}]}}